{"id":152,"date":"2025-02-27T12:01:38","date_gmt":"2025-02-27T11:01:38","guid":{"rendered":"https:\/\/www.aradis.org\/web\/?page_id=152"},"modified":"2025-02-28T11:35:35","modified_gmt":"2025-02-28T10:35:35","slug":"centros-especiales-de-empleo","status":"publish","type":"page","link":"https:\/\/www.aradis.org\/web\/index.php\/centros-especiales-de-empleo\/","title":{"rendered":"Centros especiales de empleo"},"content":{"rendered":"\n<p><strong>Huesca<\/strong><\/p>\n\n\n\n<hr class=\"wp-block-separator has-alpha-channel-opacity is-style-wide\"\/>\n\n\n\n<div class=\"wp-block-columns is-layout-flex wp-container-core-columns-is-layout-9d6595d7 wp-block-columns-is-layout-flex\">\n<div class=\"wp-block-column is-layout-flow wp-block-column-is-layout-flow\"><div class=\"wp-block-image\">\n<figure class=\"aligncenter size-full\"><img loading=\"lazy\" decoding=\"async\" width=\"300\" height=\"189\" src=\"https:\/\/www.aradis.org\/web\/wp-content\/uploads\/2025\/02\/Valentia-emplea.png\" alt=\"\" class=\"wp-image-153\"\/><\/figure>\n<\/div><\/div>\n\n\n\n<div class=\"wp-block-column is-layout-flow wp-block-column-is-layout-flow\">\n<p>Nombre: <strong>VALENTIA EMPLEA<\/strong><\/p>\n\n\n\n<p>Direcci\u00f3n: <strong>Ctra. A-132, km 3,2 (direcci\u00f3n Ayerbe) 22004 Huesca<\/strong><\/p>\n\n\n\n<p>Tel\u00e9fono: <strong>974 246 557<\/strong><\/p>\n\n\n\n<p>Email: <strong>info@valentiaemplea.com<\/strong><\/p>\n\n\n\n<p><strong>Actividades cualificadas<\/strong><\/p>\n\n\n\n<ul class=\"wp-block-list\">\n<li>1629 Producci\u00f3n y venta productos de madera.<\/li>\n\n\n\n<li>4622 Vivero, Venta de semillas, flores y planta.<\/li>\n\n\n\n<li>4721 Comercializaci\u00f3n productos ecol\u00f3gicos.<\/li>\n\n\n\n<li>8121 Servicio de Limpieza.<\/li>\n\n\n\n<li>8130 Servicios de Jardiner\u00eda.<\/li>\n<\/ul>\n\n\n\n<p>N\u00famero personas trabajando: <strong>139<\/strong><\/p>\n\n\n\n<p>N\u00famero personas trabajando con discapacidad intelectual: <strong>97<\/strong><\/p>\n<\/div>\n<\/div>\n\n\n\n<p><strong>Teruel<\/strong><\/p>\n\n\n\n<hr class=\"wp-block-separator has-alpha-channel-opacity is-style-wide\"\/>\n\n\n\n<div class=\"wp-block-columns is-layout-flex wp-container-core-columns-is-layout-9d6595d7 wp-block-columns-is-layout-flex\">\n<div class=\"wp-block-column is-layout-flow wp-block-column-is-layout-flow\"><div class=\"wp-block-image\">\n<figure class=\"aligncenter size-full\"><img loading=\"lazy\" decoding=\"async\" width=\"208\" height=\"110\" src=\"https:\/\/www.aradis.org\/web\/wp-content\/uploads\/2025\/02\/Cumi-utrillas.png\" alt=\"\" class=\"wp-image-155\"\/><\/figure>\n<\/div><\/div>\n\n\n\n<div class=\"wp-block-column is-layout-flow wp-block-column-is-layout-flow\">\n<p>Nombre: <strong>ATADI EMPLEO,S.L.U.<\/strong><\/p>\n\n\n\n<p>Direcci\u00f3n: <strong>Nicanor Villalta N\u00ba 18&nbsp; 44002 Teruel<\/strong><\/p>\n\n\n\n<p>Tel\u00e9fono: <strong>978 610 003<\/strong><\/p>\n\n\n\n<p>Email: <strong>atadi@atadi.org<\/strong><\/p>\n\n\n\n<p><strong>Actividades cualificadas<\/strong><\/p>\n\n\n\n<ul class=\"wp-block-list\">\n<li>1721 Embalaje cajas de cart\u00f3n y juguetes.<\/li>\n\n\n\n<li>1812 Estampaci\u00f3n.<\/li>\n\n\n\n<li>3299 Producci\u00f3n artesan\u00eda.<\/li>\n\n\n\n<li>4334 Pintura.<\/li>\n\n\n\n<li>4616 Estampaci\u00f3n y venta vestuario laboral.<\/li>\n\n\n\n<li>4778 Comercializaci\u00f3n productos publicitarios y merchandising.<\/li>\n\n\n\n<li>5510 Recepci\u00f3n y atenci\u00f3n clientes en establecimientos residenciales y hoteleros.<\/li>\n\n\n\n<li>6311 Recogida y destrucci\u00f3n documentaci\u00f3n confidencial.<\/li>\n\n\n\n<li>8121 Servicios Limpieza.<\/li>\n\n\n\n<li>8129 Limpieza de v\u00edas y jardines.<\/li>\n\n\n\n<li>8130 Jardiner\u00eda.<\/li>\n\n\n\n<li>8292 Ensacado de pellets de madera.<\/li>\n<\/ul>\n\n\n\n<p>N\u00famero personas trabajando: <strong>31<\/strong><\/p>\n\n\n\n<p>N\u00famero personas trabajando con discapacidad intelectual: <strong>24<\/strong><\/p>\n<\/div>\n<\/div>\n\n\n\n<div class=\"wp-block-columns is-layout-flex wp-container-core-columns-is-layout-9d6595d7 wp-block-columns-is-layout-flex\">\n<div class=\"wp-block-column is-layout-flow wp-block-column-is-layout-flow\"><div class=\"wp-block-image\">\n<figure class=\"aligncenter size-full\"><img loading=\"lazy\" decoding=\"async\" width=\"208\" height=\"110\" src=\"https:\/\/www.aradis.org\/web\/wp-content\/uploads\/2025\/02\/Cumi-utrillas.png\" alt=\"\" class=\"wp-image-155\"\/><\/figure>\n<\/div><\/div>\n\n\n\n<div class=\"wp-block-column is-layout-flow wp-block-column-is-layout-flow\">\n<p>Nombre: <strong>CUMI UTRILLAS<\/strong><\/p>\n\n\n\n<p>Direcci\u00f3n: <strong>Pol\u00edgono Santa B\u00e1rbara&nbsp; 44760 Utrillas<\/strong>.<\/p>\n\n\n\n<p>Tel\u00e9fono: <strong>978 757 312<\/strong><\/p>\n\n\n\n<p>Email: <strong>adipmi@atadi.org<\/strong><\/p>\n\n\n\n<p><strong>Actividades cualificadas<\/strong><\/p>\n\n\n\n<ul class=\"wp-block-list\">\n<li>5224 Verificaci\u00f3n de piezas.<\/li>\n\n\n\n<li>8010 Control de accesos.<\/li>\n\n\n\n<li>8110 Servicios de pintura y rotulaciones seguridad vial.<\/li>\n\n\n\n<li>8130 Mantenimiento y limpieza de jardines.<\/li>\n<\/ul>\n\n\n\n<p>N\u00famero personas trabajando: <strong>14<\/strong><\/p>\n\n\n\n<p>N\u00famero personas trabajando con discapacidad intelectual: <strong>11<\/strong><\/p>\n<\/div>\n<\/div>\n\n\n\n<p><strong>Zaragoza<\/strong><\/p>\n\n\n\n<hr class=\"wp-block-separator has-alpha-channel-opacity is-style-wide\"\/>\n\n\n\n<div class=\"wp-block-columns is-layout-flex wp-container-core-columns-is-layout-9d6595d7 wp-block-columns-is-layout-flex\">\n<div class=\"wp-block-column is-layout-flow wp-block-column-is-layout-flow\"><div class=\"wp-block-image\">\n<figure class=\"aligncenter size-full\"><img loading=\"lazy\" decoding=\"async\" width=\"358\" height=\"211\" src=\"https:\/\/www.aradis.org\/web\/wp-content\/uploads\/2025\/02\/Adibil-centro-especial-empleo-SLU.jpg\" alt=\"\" class=\"wp-image-158\" srcset=\"https:\/\/www.aradis.org\/web\/wp-content\/uploads\/2025\/02\/Adibil-centro-especial-empleo-SLU.jpg 358w, https:\/\/www.aradis.org\/web\/wp-content\/uploads\/2025\/02\/Adibil-centro-especial-empleo-SLU-300x177.jpg 300w\" sizes=\"auto, (max-width: 358px) 100vw, 358px\" \/><\/figure>\n<\/div><\/div>\n\n\n\n<div class=\"wp-block-column is-layout-flow wp-block-column-is-layout-flow\">\n<p>Nombre: <strong>ADIBIL CENTRO ESPECIAL DE EMPLEO SLU<\/strong><\/p>\n\n\n\n<p>Direcci\u00f3n: <strong>C\/ Jos\u00e9 Nebra N\u00ba 6 50300 Calatayud<\/strong>.<\/p>\n\n\n\n<p>Tel\u00e9fono: <strong>976 886 624<\/strong><\/p>\n\n\n\n<p>Email: <strong>gerencia@amibil.info<\/strong><\/p>\n\n\n\n<p><strong>Actividades cualificadas<\/strong><\/p>\n\n\n\n<ul class=\"wp-block-list\">\n<li>4776 Comercio al por menor flores, plantas, semillas, fertilizantes.<\/li>\n\n\n\n<li>8013 Servicios agr\u00edcolas y ganaderos. Jardiner\u00eda.<\/li>\n<\/ul>\n\n\n\n<p>N\u00famero personas trabajando: <strong>6<\/strong><\/p>\n\n\n\n<p>N\u00famero personas trabajando con discapacidad intelectual: <strong>3<\/strong><\/p>\n<\/div>\n<\/div>\n\n\n\n<div class=\"wp-block-columns is-layout-flex wp-container-core-columns-is-layout-9d6595d7 wp-block-columns-is-layout-flex\">\n<div class=\"wp-block-column is-layout-flow wp-block-column-is-layout-flow\"><div class=\"wp-block-image\">\n<figure class=\"aligncenter size-full\"><img loading=\"lazy\" decoding=\"async\" width=\"189\" height=\"267\" src=\"https:\/\/www.aradis.org\/web\/wp-content\/uploads\/2025\/02\/Aragonesa-de-alta-frecuencia-SL.png\" alt=\"\" class=\"wp-image-159\"\/><\/figure>\n<\/div><\/div>\n\n\n\n<div class=\"wp-block-column is-layout-flow wp-block-column-is-layout-flow\">\n<p>Nombre: <strong>ARAGONESA DE ALTA FRECUENCIA S.L.<\/strong><\/p>\n\n\n\n<p>Direcci\u00f3n: <strong>C\/ de las Matas N\u00ba 1 ed. Utrillo 50014 Zaragoza<\/strong>.<\/p>\n\n\n\n<p>Tel\u00e9fono: <strong>976 277 888<\/strong><\/p>\n\n\n\n<p>Email: <strong>aaf@asociacionutrillo.com<\/strong><\/p>\n\n\n\n<p><strong>Actividades cualificadas<\/strong><\/p>\n\n\n\n<ul class=\"wp-block-list\">\n<li>5224 Manipulados.<\/li>\n\n\n\n<li>9601 Lavander\u00eda.<\/li>\n<\/ul>\n\n\n\n<p>N\u00famero personas trabajando: <strong>12<\/strong><\/p>\n\n\n\n<p>N\u00famero personas trabajando con discapacidad intelectual: <strong>10<\/strong><\/p>\n<\/div>\n<\/div>\n\n\n\n<div class=\"wp-block-columns is-layout-flex wp-container-core-columns-is-layout-9d6595d7 wp-block-columns-is-layout-flex\">\n<div class=\"wp-block-column is-layout-flow wp-block-column-is-layout-flow\"><div class=\"wp-block-image\">\n<figure class=\"aligncenter size-full\"><img loading=\"lazy\" decoding=\"async\" width=\"311\" height=\"147\" src=\"https:\/\/www.aradis.org\/web\/wp-content\/uploads\/2025\/02\/FUNDACION-CARMEN-FERNANDEZ-CESPEDES-C.E.jpg\" alt=\"\" class=\"wp-image-163\" srcset=\"https:\/\/www.aradis.org\/web\/wp-content\/uploads\/2025\/02\/FUNDACION-CARMEN-FERNANDEZ-CESPEDES-C.E.jpg 311w, https:\/\/www.aradis.org\/web\/wp-content\/uploads\/2025\/02\/FUNDACION-CARMEN-FERNANDEZ-CESPEDES-C.E-300x142.jpg 300w\" sizes=\"auto, (max-width: 311px) 100vw, 311px\" \/><\/figure>\n<\/div><\/div>\n\n\n\n<div class=\"wp-block-column is-layout-flow wp-block-column-is-layout-flow\">\n<p>Nombre: <strong>FUNDACI\u00d3N CARMEN FERNANDEZ CESPEDES C.E.<\/strong><\/p>\n\n\n\n<p>Direcci\u00f3n: <strong>C\/ San Crist\u00f3bal N\u00ba 4 50015 Zaragoza<\/strong>.<\/p>\n\n\n\n<p>Tel\u00e9fono: <strong>976 515 121<\/strong><\/p>\n\n\n\n<p>Email: <strong>direccion@fundacioncedes.es<\/strong><\/p>\n\n\n\n<p><strong>Actividades cualificadas<\/strong><\/p>\n\n\n\n<ul class=\"wp-block-list\">\n<li>5224 Manipulaci\u00f3n de mercanc\u00edas, etiquetado y empaquetado.<\/li>\n<\/ul>\n\n\n\n<p>N\u00famero personas trabajando: <strong>12<\/strong><\/p>\n\n\n\n<p>N\u00famero personas trabajando con discapacidad intelectual: <strong>8<\/strong><\/p>\n<\/div>\n<\/div>\n\n\n\n<div class=\"wp-block-columns is-layout-flex wp-container-core-columns-is-layout-9d6595d7 wp-block-columns-is-layout-flex\">\n<div class=\"wp-block-column is-layout-flow wp-block-column-is-layout-flow\"><div class=\"wp-block-image\">\n<figure class=\"aligncenter size-full\"><img loading=\"lazy\" decoding=\"async\" width=\"502\" height=\"207\" src=\"https:\/\/www.aradis.org\/web\/wp-content\/uploads\/2025\/02\/Kentrikes.jpg\" alt=\"\" class=\"wp-image-164\" srcset=\"https:\/\/www.aradis.org\/web\/wp-content\/uploads\/2025\/02\/Kentrikes.jpg 502w, https:\/\/www.aradis.org\/web\/wp-content\/uploads\/2025\/02\/Kentrikes-300x124.jpg 300w\" sizes=\"auto, (max-width: 502px) 100vw, 502px\" \/><\/figure>\n<\/div><\/div>\n\n\n\n<div class=\"wp-block-column is-layout-flow wp-block-column-is-layout-flow\">\n<p>Nombre: <strong>KENTRIK\u00c9S,S.L.<\/strong><\/p>\n\n\n\n<p>Direcci\u00f3n: <strong>Molinos de las armas N\u00ba 49 50014 ZARAGOZA<\/strong>.<\/p>\n\n\n\n<p>Tel\u00e9fono: <strong>976 204 532<\/strong><\/p>\n\n\n\n<p>Email: <strong>kentrikes@kairos.coop<\/strong><\/p>\n\n\n\n<p><strong>Actividades cualificadas<\/strong><\/p>\n\n\n\n<ul class=\"wp-block-list\">\n<li>4741 Comercio al por menor de maquinaria y equipo de oficina.<\/li>\n\n\n\n<li>4762 Comercio menor de material escolar y suministro de oficina.<\/li>\n\n\n\n<li>8121 Servicios de Limpieza<\/li>\n<\/ul>\n\n\n\n<p>N\u00famero personas trabajando: <strong>2<\/strong><\/p>\n\n\n\n<p>N\u00famero personas trabajando con discapacidad intelectual: <strong>2<\/strong><\/p>\n<\/div>\n<\/div>\n\n\n\n<div class=\"wp-block-columns is-layout-flex wp-container-core-columns-is-layout-9d6595d7 wp-block-columns-is-layout-flex\">\n<div class=\"wp-block-column is-layout-flow wp-block-column-is-layout-flow\"><div class=\"wp-block-image\">\n<figure class=\"aligncenter size-full\"><img loading=\"lazy\" decoding=\"async\" width=\"300\" height=\"124\" src=\"https:\/\/www.aradis.org\/web\/wp-content\/uploads\/2025\/02\/Manipulados-montevedado.png\" alt=\"\" class=\"wp-image-165\"\/><\/figure>\n<\/div><\/div>\n\n\n\n<div class=\"wp-block-column is-layout-flow wp-block-column-is-layout-flow\">\n<p>Nombre: <strong>MANIPULADOS MONTEVEDADO, S.L<\/strong><\/p>\n\n\n\n<p>Direcci\u00f3n: <strong>Carretera de Sari\u00f1ena S\/N 50162 Villamayor<\/strong>.<\/p>\n\n\n\n<p>Tel\u00e9fono: <strong>976 570 244<\/strong><\/p>\n\n\n\n<p>Email: <strong>pueyos@pueyos.org<\/strong><\/p>\n\n\n\n<p><strong>Actividades cualificadas<\/strong><\/p>\n\n\n\n<ul class=\"wp-block-list\">\n<li>1218 Imprenta.<\/li>\n\n\n\n<li>5224 Manipulados.<\/li>\n\n\n\n<li>7410 Dise\u00f1o gr\u00e1fico.<\/li>\n\n\n\n<li>9601 Lavander\u00eda industrial<\/li>\n<\/ul>\n\n\n\n<p>N\u00famero personas trabajando: <strong>51<\/strong><\/p>\n\n\n\n<p>N\u00famero personas trabajando con discapacidad intelectual: <strong>37<\/strong><\/p>\n<\/div>\n<\/div>\n\n\n\n<div class=\"wp-block-columns is-layout-flex wp-container-core-columns-is-layout-9d6595d7 wp-block-columns-is-layout-flex\">\n<div class=\"wp-block-column is-layout-flow wp-block-column-is-layout-flow\"><div class=\"wp-block-image\">\n<figure class=\"aligncenter size-full\"><img loading=\"lazy\" decoding=\"async\" width=\"300\" height=\"124\" src=\"https:\/\/www.aradis.org\/web\/wp-content\/uploads\/2025\/02\/Novo-Rehum.png\" alt=\"\" class=\"wp-image-170\"\/><\/figure>\n<\/div><\/div>\n\n\n\n<div class=\"wp-block-column is-layout-flow wp-block-column-is-layout-flow\">\n<p>Nombre: <strong>NOVO REHUM, SLU<\/strong><\/p>\n\n\n\n<p>Direcci\u00f3n: <strong>Camino de las ventas S\/N 50162 Villamayor<\/strong>.<\/p>\n\n\n\n<p>Tel\u00e9fono: <strong>976 570 244<\/strong><\/p>\n\n\n\n<p>Email: <strong>nrservicios@pueyos.org<\/strong><\/p>\n\n\n\n<p><strong>Actividades cualificadas<\/strong><\/p>\n\n\n\n<ul class=\"wp-block-list\">\n<li>5224 Manipulaci\u00f3n de mercanc\u00edas.<\/li>\n\n\n\n<li>5610 Hosteler\u00eda.<\/li>\n\n\n\n<li>8110 Servicio de Limpieza general de Edificios.<\/li>\n\n\n\n<li>8121 Servicio de Limpieza, incluye lavander\u00eda ropa.<\/li>\n\n\n\n<li>8130 Jardiner\u00eda.<\/li>\n<\/ul>\n\n\n\n<p>N\u00famero personas trabajando: <strong>36<\/strong><\/p>\n\n\n\n<p>N\u00famero personas trabajando con discapacidad intelectual: <strong>22<\/strong><\/p>\n<\/div>\n<\/div>\n\n\n\n<div class=\"wp-block-columns is-layout-flex wp-container-core-columns-is-layout-9d6595d7 wp-block-columns-is-layout-flex\">\n<div class=\"wp-block-column is-layout-flow wp-block-column-is-layout-flow\"><div class=\"wp-block-image\">\n<figure class=\"aligncenter size-full\"><img loading=\"lazy\" decoding=\"async\" width=\"300\" height=\"106\" src=\"https:\/\/www.aradis.org\/web\/wp-content\/uploads\/2025\/02\/Minueval.jpg\" alt=\"\" class=\"wp-image-167\"\/><\/figure>\n<\/div><\/div>\n\n\n\n<div class=\"wp-block-column is-layout-flow wp-block-column-is-layout-flow\">\n<p>Nombre: <strong>MINUEVAL S.L<\/strong><\/p>\n\n\n\n<p>Direcci\u00f3n: <strong>Comuneros de Castilla 11-13 50002 Zaragoza<\/strong>.<\/p>\n\n\n\n<p>Tel\u00e9fono: <strong>976 200 123<\/strong><\/p>\n\n\n\n<p>Email: <strong>lavanderia@benitoardid.es<\/strong><\/p>\n\n\n\n<p><strong>Actividades cualificadas<\/strong><\/p>\n\n\n\n<ul class=\"wp-block-list\">\n<li>5224 Manipulados.<\/li>\n\n\n\n<li>7410 Lavado y limpieza de prendas textiles y de piel.<\/li>\n<\/ul>\n\n\n\n<p>N\u00famero personas trabajando: <strong>65<\/strong><\/p>\n\n\n\n<p>N\u00famero personas trabajando con discapacidad intelectual: <strong>47<\/strong><\/p>\n<\/div>\n<\/div>\n\n\n\n<div class=\"wp-block-columns is-layout-flex wp-container-core-columns-is-layout-9d6595d7 wp-block-columns-is-layout-flex\">\n<div class=\"wp-block-column is-layout-flow wp-block-column-is-layout-flow\"><div class=\"wp-block-image\">\n<figure class=\"aligncenter size-full\"><img loading=\"lazy\" decoding=\"async\" width=\"394\" height=\"161\" src=\"https:\/\/www.aradis.org\/web\/wp-content\/uploads\/2025\/02\/Recikla.png\" alt=\"\" class=\"wp-image-168\" srcset=\"https:\/\/www.aradis.org\/web\/wp-content\/uploads\/2025\/02\/Recikla.png 394w, https:\/\/www.aradis.org\/web\/wp-content\/uploads\/2025\/02\/Recikla-300x123.png 300w\" sizes=\"auto, (max-width: 394px) 100vw, 394px\" \/><\/figure>\n<\/div><\/div>\n\n\n\n<div class=\"wp-block-column is-layout-flow wp-block-column-is-layout-flow\">\n<p>Nombre: <strong>NATURALMENTE SOCIAL RECICLA, S.L<\/strong><\/p>\n\n\n\n<p>Direcci\u00f3n: <strong>C\/Sisallo Nave 2 Pol\u00edgono Empresarium 50720 Cartuja Baja<\/strong>.<\/p>\n\n\n\n<p>Tel\u00e9fono: <strong>976 132 713<\/strong><\/p>\n\n\n\n<p>Email: <strong>recicla@recicla.org<\/strong><\/p>\n\n\n\n<p><strong>Actividades cualificadas<\/strong><\/p>\n\n\n\n<ul class=\"wp-block-list\">\n<li>220 Recogida de residuos de aprv. Forestales y venta de productos derivados.<\/li>\n\n\n\n<li>2042 Fabricaci\u00f3n de jab\u00f3n de tajo.<\/li>\n\n\n\n<li>3811 Reciclado de Aceite.<\/li>\n\n\n\n<li>8110 Servicio de Limpieza general de Edificios.<\/li>\n\n\n\n<li>8121 Servicio de Limpieza, incluye lavander\u00eda ropa.<\/li>\n\n\n\n<li>8130 Jardiner\u00eda.<\/li>\n<\/ul>\n\n\n\n<p>N\u00famero personas trabajando: <strong>31<\/strong><\/p>\n\n\n\n<p>N\u00famero personas trabajando con discapacidad intelectual: <strong>21<\/strong><\/p>\n<\/div>\n<\/div>\n\n\n\n<div class=\"wp-block-columns is-layout-flex wp-container-core-columns-is-layout-9d6595d7 wp-block-columns-is-layout-flex\">\n<div class=\"wp-block-column is-layout-flow wp-block-column-is-layout-flow\"><div class=\"wp-block-image\">\n<figure class=\"aligncenter size-full\"><img loading=\"lazy\" decoding=\"async\" width=\"300\" height=\"106\" src=\"https:\/\/www.aradis.org\/web\/wp-content\/uploads\/2025\/02\/Cee-Adislaf.jpg\" alt=\"\" class=\"wp-image-161\"\/><\/figure>\n<\/div><\/div>\n\n\n\n<div class=\"wp-block-column is-layout-flow wp-block-column-is-layout-flow\">\n<p>Nombre: <strong>ADISLAF.<\/strong><\/p>\n\n\n\n<p>Direcci\u00f3n: <strong>Comuneros de Castilla 11-13 50002 Zaragoza<\/strong>.<\/p>\n\n\n\n<p>Tel\u00e9fono: <strong>976 299 416<\/strong><\/p>\n\n\n\n<p>Email: <strong>talleres@benitoardid.es<\/strong><\/p>\n\n\n\n<p><strong>Actividades cualificadas<\/strong><\/p>\n\n\n\n<ul class=\"wp-block-list\">\n<li>2041 Fabricaci\u00f3n, manipulaci\u00f3n y comercializaci\u00f3n de jab\u00f3n domestico.<\/li>\n\n\n\n<li>5224 Manipulados industriales.<\/li>\n<\/ul>\n\n\n\n<p>N\u00famero personas trabajando: <strong>27<\/strong><\/p>\n\n\n\n<p>N\u00famero personas trabajando con discapacidad intelectual: <strong>23<\/strong><\/p>\n<\/div>\n<\/div>\n\n\n\n<p><\/p>\n","protected":false},"excerpt":{"rendered":"<p>Huesca Nombre: VALENTIA EMPLEA Direcci\u00f3n: Ctra. A-132, km 3,2 (direcci\u00f3n Ayerbe) 22004 Huesca Tel\u00e9fono: 974 246 557 Email: info@valentiaemplea.com Actividades cualificadas N\u00famero personas trabajando: 139 N\u00famero personas trabajando con discapacidad intelectual: 97 Teruel Nombre: ATADI EMPLEO,S.L.U. Direcci\u00f3n: Nicanor Villalta N\u00ba 18&nbsp; 44002 Teruel Tel\u00e9fono: 978 610 003 Email: atadi@atadi.org Actividades cualificadas N\u00famero personas trabajando: 31 [&hellip;]<\/p>\n","protected":false},"author":1,"featured_media":0,"parent":0,"menu_order":0,"comment_status":"closed","ping_status":"closed","template":"","meta":{"footnotes":""},"class_list":["post-152","page","type-page","status-publish","hentry","no-featured-image"],"_links":{"self":[{"href":"https:\/\/www.aradis.org\/web\/index.php\/wp-json\/wp\/v2\/pages\/152","targetHints":{"allow":["GET"]}}],"collection":[{"href":"https:\/\/www.aradis.org\/web\/index.php\/wp-json\/wp\/v2\/pages"}],"about":[{"href":"https:\/\/www.aradis.org\/web\/index.php\/wp-json\/wp\/v2\/types\/page"}],"author":[{"embeddable":true,"href":"https:\/\/www.aradis.org\/web\/index.php\/wp-json\/wp\/v2\/users\/1"}],"replies":[{"embeddable":true,"href":"https:\/\/www.aradis.org\/web\/index.php\/wp-json\/wp\/v2\/comments?post=152"}],"version-history":[{"count":6,"href":"https:\/\/www.aradis.org\/web\/index.php\/wp-json\/wp\/v2\/pages\/152\/revisions"}],"predecessor-version":[{"id":171,"href":"https:\/\/www.aradis.org\/web\/index.php\/wp-json\/wp\/v2\/pages\/152\/revisions\/171"}],"wp:attachment":[{"href":"https:\/\/www.aradis.org\/web\/index.php\/wp-json\/wp\/v2\/media?parent=152"}],"curies":[{"name":"wp","href":"https:\/\/api.w.org\/{rel}","templated":true}]}}